{"id":827,"date":"2024-05-29T10:38:37","date_gmt":"2024-05-29T14:38:37","guid":{"rendered":"https:\/\/sports-crowd.com\/?page_id=827"},"modified":"2025-06-16T09:19:42","modified_gmt":"2025-06-16T13:19:42","slug":"data-policies","status":"publish","type":"page","link":"https:\/\/sports-crowd.com\/en\/data-policies\/","title":{"rendered":"Pol\u00edticas de tratamiento de datos"},"content":{"rendered":"<div class=\"row row-large\"  id=\"row-123268886\">\n\n\n\t<div id=\"col-1170247529\" class=\"col small-12 large-12\"  >\n\t\t\t\t<div class=\"col-inner\"  >\n\t\t\t\n\t\t\t\n\n\t<div id=\"text-2354386389\" class=\"text\">\n\t\t\n\n<h2 class=\"c5\" style=\"text-align: center;\"><strong>POLI\u0301TICA DE TRATAMIENTO DE DATOS PERSONALES<\/strong><\/h2>\n<p class=\"c1\"><strong><span class=\"c0\">OBJETIVO GENERAL DE LA POL\u00cdTICA.<\/span><\/strong><\/p>\n<p class=\"c1\"><span class=\"c2\">El objetivo general de la presente Pol\u00edtica es establecer los lineamientos para garantizar el adecuado cumplimiento de lo dispuesto en la Ley 1581 de 2012 y en el Decreto 1074 de 2015, para desarrollar de manera suficiente el derecho constitucional al H\u00e1beas Data que tienen todas las personas naturales respecto de las cuales <\/span><span class=\"c0\">EL RESPONSABLE <\/span><span class=\"c2\">de los datos personales, haya recogido, administre o conserve informaci\u00f3n de car\u00e1cter personal.<\/span><\/p>\n<p class=\"c1\"><strong><span class=\"c0\">OBJETIVOS ESPEC\u00cdFICOS DE LA POL\u00cdTICA.<\/span><\/strong><\/p>\n<p class=\"c1\"><span class=\"c2\">Adoptar los lineamientos generales para el tratamiento de los datos personales administrados por <\/span><span class=\"c0\">EL RESPONSABLE,<\/span><span class=\"c2\">\u00a0en cumplimiento de la normatividad vigente sobre la materia.<\/span><\/p>\n<p class=\"c1\"><span class=\"c2\">Establecer el tratamiento al cual son sometidos los datos personales por <\/span><span class=\"c0\">EL RESPONSABLE,<\/span><span class=\"c2\">\u00a0y su finalidad.<\/span><\/p>\n<p class=\"c1\"><span class=\"c2\">Definir los procedimientos generales para que los titulares de la informaci\u00f3n puedan ejercer los derechos a conocer, actualizar, rectificar, suprimir informaci\u00f3n y revocar la autorizaci\u00f3n de tratamiento de datos personales en los casos que la ley lo permita.<\/span><\/p>\n<p class=\"c1\"><span class=\"c2\">Establecer los criterios que permitan clasificar a <\/span><span class=\"c0\">EL RESPONSABLE, <\/span><span class=\"c2\">la informaci\u00f3n de car\u00e1cter personal y al mismo tiempo respetar los derechos fundamentales a la intimidad, h\u00e1beas data y protecci\u00f3n de datos de los ciudadanos.<\/span><\/p>\n<p class=\"c1\"><strong><span class=\"c0\">ALCANCE Y OBLIGACIONES.<\/span><\/strong><\/p>\n<p class=\"c1\"><span class=\"c2\">Esta pol\u00edtica aplica para todos los titulares de informaci\u00f3n personal que sea utilizada y\/o se encuentre en las bases de datos de <\/span><span class=\"c0\">EL RESPONSABLE,<\/span><span class=\"c2\">\u00a0quien act\u00faa en calidad de responsable del tratamiento de los datos personales.<\/span><\/p>\n<p class=\"c1\"><span class=\"c2\">Esta pol\u00edtica es de obligatorio cumplimiento para <\/span><span class=\"c0\">EL RESPONSABLE<\/span><span class=\"c2\">, en calidad de responsable o encargado, as\u00ed como todos los terceros que obran en nombre de <\/span><span class=\"c0\">EL RESPONSABLE,<\/span><span class=\"c2\">\u00a0o que, sin actuar en nombre de <\/span><span class=\"c0\">EL RESPONSABLE, <\/span><span class=\"c2\">utilicen datos personales a su nombre como encargados.<\/span><\/p>\n<p class=\"c1\"><span class=\"c2\">Tanto el responsable como encargados, incl\u00fayase terceros que traten datos a nombre de <\/span><span class=\"c0\">EL RESPONSABLE,<\/span><span class=\"c2\">\u00a0deben conocer y practicar esta pol\u00edtica en el cumplimiento de las funciones y\/o actividades a\u00fan despu\u00e9s de terminados los v\u00ednculos legales, comerciales, laborales o de cualquier \u00edndole. De igual manera, se comprometen a guardar estricta confidencialidad en relaci\u00f3n con los datos tratados.<\/span><\/p>\n<p class=\"c1\"><span class=\"c0\"><strong>AUTORIZACI\u00d3N DE LA POL\u00cdTICA DE TRATAMIENTO.<\/strong><\/span><\/p>\n<p class=\"c1\"><span class=\"c2\">De acuerdo con el art\u00edculo 9 de la Ley 1581 de 2012, para el tratamiento de datos personales se requiere la autorizaci\u00f3n previa e informada del Titular. Mediante la aceptaci\u00f3n de la presente pol\u00edtica, todo Titular que facilite informaci\u00f3n relativa a sus datos personales est\u00e1 consintiendo el tratamiento de sus datos por parte de <\/span><span class=\"c0\">EL RESPONSABLE<\/span><span class=\"c2\">, en los t\u00e9rminos y condiciones recogidos en la misma.<\/span><\/p>\n<p class=\"c1\"><strong><span class=\"c0\">INFORMACI\u00d3N DEL RESPONSABLE DEL TRATAMIENTO DE INFORMACI\u00d3N PERSONAL.<\/span><\/strong><\/p>\n<p class=\"c1\"><span class=\"c2\">El responsable del tratamiento de las bases de datos objeto de esta pol\u00edtica es <\/span><span class=\"c0\">EL RESPONSABLE, <\/span><span class=\"c2\">cuyos datos de contacto son los siguientes:\u00a0\u00a0\u00a0\u00a0\u00a0\u00a0\u00a0\u00a0<\/span><\/p>\n<p class=\"c1\"><span class=\"c2\">Para todos los fines pertinentes, el responsable es <\/span><span class=\"c0\">FANATICADAS S.A.S.<\/span><span class=\"c2\">, as\u00ed:<\/span><\/p>\n<ul class=\"c10 lst-kix_list_5-0 start\">\n<li class=\"c1 c5 li-bullet-0\"><span class=\"c2\">Raz\u00f3n social: FANATICADAS S.A.S.<\/span><\/li>\n<li class=\"c1 c5 li-bullet-0\"><span class=\"c2\">NIT: 9016511887<\/span><\/li>\n<li class=\"c1 c5 li-bullet-0\"><span class=\"c2\">Domicilio: Valle del cauca &#8211; Cali- AV ROOSEVELT 27 20 OF 201<\/span><\/li>\n<li class=\"c1 c5 li-bullet-0\"><span class=\"c2\">Email principal: contacto@fanaticadas.co<\/span><\/li>\n<\/ul>\n<p class=\"c1\"><strong><span class=\"c0\">TRATAMIENTO AL CUAL SER\u00c1N SOMETIDOS LOS DATOS PERSONALES Y SU FINALIDAD.<\/span><\/strong><\/p>\n<p class=\"c1\"><span class=\"c0\">EL RESPONSABLE,<\/span><span class=\"c2\">\u00a0en el desarrollo de su actividad, lleva a cabo el tratamiento de datos personales relativos a personas naturales que est\u00e1n contenidos y son tratados en bases de datos destinadas a finalidades leg\u00edtimas, cumpliendo con la Constituci\u00f3n y la Ley.<\/span><\/p>\n<p class=\"c1\"><span class=\"c2\">Los datos personales ser\u00e1n sometidos a procedimientos de recolecci\u00f3n, uso, almacenamiento, circulaci\u00f3n y supresi\u00f3n; que ser\u00e1n tratados por FANATICADAS S.A.S. de acuerdo a su categor\u00eda como datos de car\u00e1cter p\u00fablico, semiprivado, privado y sensible.<\/span><\/p>\n<p class=\"c1\"><span class=\"c2\">El tratamiento de datos personales de car\u00e1cter sensible que realice FANATICADAS S.A.S. ser\u00e1 con la autorizaci\u00f3n libre, previa, expresa y debidamente informada por parte del titular, en pleno cumplimiento del deber de confidencialidad y seguridad de la informaci\u00f3n.<\/span><\/p>\n<p class=\"c1\"><span class=\"c2\">El dato personal sensible ser\u00e1 facultativo para su titular de la informaci\u00f3n, pudiendo el titular abstenerse de entregarlos cuando as\u00ed lo desee. No obstante, estos datos ser\u00e1n necesarios en algunas ocasiones y para algunos titulares de la informaci\u00f3n para el desarrollo de las funciones de FANATICADAS S.A.S. establecidas en el Decreto 1352 de 2013, Decreto 1072 de 2015, o cuando alguna ley exija entregarlos o conservarlos.<\/span><\/p>\n<p class=\"c1\"><span class=\"c2\">Para las siguientes finalidades seg\u00fan el tipo de titular.<\/span><\/p>\n<p class=\"c1\"><span class=\"c2\">La siguiente tabla (Tabla I) presenta las distintas bases de datos que maneja <\/span><span class=\"c0\">EL RESPONSABLE,<\/span><span class=\"c2\"> y las finalidades asignadas a cada una de ellas.<\/span><\/p>\n<table class=\"c7\">\n<tbody>\n<tr class=\"c22\">\n<td class=\"c30 c31\" colspan=\"3\" rowspan=\"1\">\n<p class=\"c1\"><span class=\"c0\">Tabla I. Bases de datos y finalidades<\/span><\/p>\n<\/td>\n<\/tr>\n<tr class=\"c22\">\n<td class=\"c4\" colspan=\"1\" rowspan=\"1\">\n<p class=\"c3\"><span class=\"c0\">Base de datos<\/span><\/p>\n<\/td>\n<td class=\"c27\" colspan=\"1\" rowspan=\"1\">\n<p class=\"c3\"><span class=\"c0\">Finalidad Legitima<\/span><\/p>\n<\/td>\n<td class=\"c29\" colspan=\"1\" rowspan=\"1\">\n<p class=\"c3\"><span class=\"c0\">Finalidad descrita por la<\/span><\/p>\n<p class=\"c3\"><span class=\"c0\">Superintendencia de industria y comercio<\/span><\/p>\n<\/td>\n<\/tr>\n<tr class=\"c21\">\n<td class=\"c4\" colspan=\"1\" rowspan=\"1\">\n<p class=\"c3\"><span class=\"c0\">CLIENTES<\/span><\/p>\n<\/td>\n<td class=\"c27\" colspan=\"1\" rowspan=\"1\">\n<p class=\"c1\"><span class=\"c2\">Efectuar las gestiones pertinentes para el desarrollo del objeto social de <\/span><span class=\"c0\">EL RESPONSABLE<\/span><span class=\"c2\">, en lo que tiene que ver con el cumplimiento de la relaci\u00f3n contractual celebrada con el Titular de la informaci\u00f3n.<\/span><\/p>\n<p class=\"c1\"><span class=\"c2\">Registrar datos personales y de car\u00e1cter sensible a fin de mantener una relaci\u00f3n contractual (Gesti\u00f3n de clientes). <\/span><\/p>\n<p class=\"c1\"><span class=\"c2\">Dar tratamiento a la informaci\u00f3n financiera y contable.<\/span><\/p>\n<p class=\"c1\"><span class=\"c2\">Realizar invitaciones a eventos, ofrecer nuevos productos y servicios. Enviar mensajes con contenidos institucionales, notificaciones, informaci\u00f3n relativa de <\/span><span class=\"c0\">EL RESPONSABLE<\/span><span class=\"c2\">, a trav\u00e9s de correo electr\u00f3nico y\/o mensajes al tel\u00e9fono m\u00f3vil (SMS y\/o aplicaciones).<\/span><\/p>\n<p class=\"c1\"><span class=\"c2\">Gestionar tr\u00e1mites (solicitudes, quejas, reclamos)..<\/span><\/p>\n<p class=\"c1\"><span class=\"c2\">Suministrar la informaci\u00f3n a terceros con los cuales <\/span><span class=\"c0\">EL RESPONSABLE<\/span><span class=\"c2\">, tenga relaci\u00f3n contractual y que sea necesario entreg\u00e1rsela para el cumplimiento del objeto contratado.<\/span><\/p>\n<\/td>\n<td class=\"c29\" colspan=\"1\" rowspan=\"1\">\n<p class=\"c1\"><span class=\"c2\">-Finalidades varias \u2013 Custodia y gesti\u00f3n de informaci\u00f3n y bases de datos<\/span><\/p>\n<p class=\"c1\"><span class=\"c2\">-Gesti\u00f3n contable, fiscal y administrativa<\/span><\/p>\n<p class=\"c1\"><span class=\"c2\">-Gesti\u00f3n t\u00e9cnica y administrativa \u2013 Desarrollo operativo<\/span><\/p>\n<p class=\"c1\"><span class=\"c2\">-Envi\u00f3 de comunicaciones<\/span><\/p>\n<p class=\"c1 c13\">\u00a0<\/p>\n<\/td>\n<\/tr>\n<tr class=\"c21\">\n<td class=\"c4\" colspan=\"1\" rowspan=\"1\">\n<p class=\"c3\"><span class=\"c0\">PROVEEDORES Y CONTRATISTAS<\/span><\/p>\n<\/td>\n<td class=\"c27\" colspan=\"1\" rowspan=\"1\">\n<p class=\"c1\"><span class=\"c2\">Efectuar las gestiones pertinentes para el desarrollo del objeto social de <\/span><span class=\"c0\">EL RESPONSABLE<\/span><span class=\"c2\">, en lo que tiene que ver con el cumplimiento del objeto del contrato celebrado con el Titular de la informaci\u00f3n.<\/span><\/p>\n<p class=\"c1\"><span class=\"c2\">Registrar datos personales y de car\u00e1cter sensible a fin de mantener una relaci\u00f3n contractual (Gesti\u00f3n de Proveedores y Contratistas). Dar tratamiento a la informaci\u00f3n financiera y contable.<\/span><\/p>\n<p class=\"c1\"><span class=\"c2\">Gestionar tr\u00e1mites (solicitudes, quejas, reclamos).<\/span><\/p>\n<p class=\"c1\"><span class=\"c2\">Suministrar la informaci\u00f3n a terceros con los cuales <\/span><span class=\"c0\">EL RESPONSABLE<\/span><span class=\"c2\">, tenga relaci\u00f3n contractual y que sea necesario entreg\u00e1rsela para el cumplimiento del objeto contratado.<\/span><\/p>\n<\/td>\n<td class=\"c29\" colspan=\"1\" rowspan=\"1\">\n<p class=\"c1\"><span class=\"c2\">-Finalidades varias \u2013 Custodia y gesti\u00f3n de informaci\u00f3n y bases de datos<\/span><\/p>\n<p class=\"c1\"><span class=\"c2\">-Gesti\u00f3n contable, fiscal y administrativa &#8211; Gesti\u00f3n proveedores<\/span><\/p>\n<p class=\"c1\"><span class=\"c2\">-Gesti\u00f3n t\u00e9cnica y administrativa \u2013 Desarrollo operativo<\/span><\/p>\n<p class=\"c1\"><span class=\"c2\">-Envi\u00f3 de comunicaciones<\/span><\/p>\n<p class=\"c1 c13\">\u00a0<\/p>\n<\/td>\n<\/tr>\n<tr class=\"c20\">\n<td class=\"c4\" colspan=\"1\" rowspan=\"1\">\n<p class=\"c3\"><span class=\"c0\">EMPLEADOS<\/span><\/p>\n<\/td>\n<td class=\"c27\" colspan=\"1\" rowspan=\"1\">\n<p class=\"c1\"><span class=\"c2\">Gesti\u00f3n de la relaci\u00f3n laboral.<\/span><\/p>\n<p class=\"c1\"><span class=\"c2\">Aportes de Seguridad social.<\/span><\/p>\n<p class=\"c1\"><span class=\"c2\">Gesti\u00f3n de n\u00f3mina.<\/span><\/p>\n<p class=\"c1\"><span class=\"c2\">Registros del Sistema de Seguridad y Salud en el Trabajo.<\/span><\/p>\n<p class=\"c1 c13\">\u00a0<\/p>\n<\/td>\n<td class=\"c29\" colspan=\"1\" rowspan=\"1\">\n<p class=\"c1\"><span class=\"c2\">-Recursos humanos &#8211; Formaci\u00f3n de personal<\/span><\/p>\n<p class=\"c1\"><span class=\"c2\">Recursos humanos &#8211; Gesti\u00f3n de n\u00f3mina<\/span><\/p>\n<p class=\"c1\"><span class=\"c2\">Recursos humanos &#8211; Gesti\u00f3n de personal<\/span><\/p>\n<p class=\"c1\"><span class=\"c2\">Recursos humanos &#8211; Prestaciones sociales<\/span><\/p>\n<p class=\"c1\"><span class=\"c2\">Recursos humanos &#8211; Prevenci\u00f3n de riesgos laborales<\/span><\/p>\n<p class=\"c1\"><span class=\"c2\">Recursos humanos &#8211; Promoci\u00f3n y gesti\u00f3n de empleo<\/span><\/p>\n<\/td>\n<\/tr>\n<tr class=\"c20\">\n<td class=\"c4\" colspan=\"1\" rowspan=\"1\">\n<p class=\"c3\"><span class=\"c0\">USUARIOS<\/span><\/p>\n<\/td>\n<td class=\"c27\" colspan=\"1\" rowspan=\"1\">\n<p class=\"c1\"><span class=\"c2\">Registro de uso de la plataforma.<\/span><\/p>\n<p class=\"c1\"><span class=\"c2\">Env\u00edo de informaci\u00f3n comercial propia y de aliados estrat\u00e9gicos.<\/span><\/p>\n<\/td>\n<td class=\"c29\" colspan=\"1\" rowspan=\"1\">\n<p class=\"c1\"><span class=\"c2\">Campa\u00f1as de Actualizaci\u00f3n de datos e informaci\u00f3n de cambios en el tratamiento de datos personales.<\/span><\/p>\n<p class=\"c1\"><span class=\"c2\">Finalidades varias \u2013 Custodia y gesti\u00f3n de informaci\u00f3n y bases de datos.<\/span><\/p>\n<p class=\"c1\"><span class=\"c2\">Administraci\u00f3n de Sistemas de Informaci\u00f3n Gesti\u00f3n T\u00e9cnica y Administrativa.<\/span><\/p>\n<p class=\"c1\"><span class=\"c2\">Env\u00edo de comunicaciones Publicidad y prospecci\u00f3n comercial.<\/span><\/p>\n<\/td>\n<\/tr>\n<\/tbody>\n<\/table>\n<p class=\"c1 c13\"><span class=\"c2\">\u00a0<\/span><\/p>\n<p class=\"c1\"><span class=\"c2\">La siguiente tabla (Tabla II) presenta la descripci\u00f3n del procedimiento de ciclo de vida del dato, de las bases de datos que maneja <\/span><span class=\"c0\">FANATICADAS S.A.S.,<\/span><span class=\"c2\">\u00a0y las finalidades asignadas a cada una de ellas.\u00a0\u00a0\u00a0\u00a0\u00a0\u00a0\u00a0\u00a0<\/span><\/p>\n<p>\u00a0<\/p>\n<table class=\"c25\">\n<tbody>\n<tr class=\"c34\">\n<td class=\"c23\" colspan=\"6\" rowspan=\"1\">\n<p class=\"c1\"><span class=\"c0\">Tabla II. Procedimiento de ciclo de vida del dato<\/span><\/p>\n<\/td>\n<\/tr>\n<tr class=\"c6\">\n<td class=\"c11\" colspan=\"1\" rowspan=\"1\">\n<p class=\"c3\"><span class=\"c0\">Base De Datos<\/span><\/p>\n<\/td>\n<td class=\"c28\" colspan=\"1\" rowspan=\"1\">\n<p class=\"c3\"><span class=\"c0\">Recolecci\u00f3n<\/span><\/p>\n<\/td>\n<td class=\"c9\" colspan=\"1\" rowspan=\"1\">\n<p class=\"c3\"><span class=\"c0\">Uso<\/span><\/p>\n<\/td>\n<td class=\"c16\" colspan=\"1\" rowspan=\"1\">\n<p class=\"c3\"><span class=\"c0\">Almacenamiento<\/span><\/p>\n<\/td>\n<td class=\"c17\" colspan=\"1\" rowspan=\"1\">\n<p class=\"c3\"><span class=\"c0\">Circulaci\u00f3n<\/span><\/p>\n<\/td>\n<td class=\"c19\" colspan=\"1\" rowspan=\"1\">\n<p class=\"c3\"><span class=\"c32 c35\">Eliminaci\u00f3n<\/span><\/p>\n<\/td>\n<\/tr>\n<tr class=\"c18\">\n<td class=\"c11\" colspan=\"1\" rowspan=\"1\">\n<p class=\"c1\"><span class=\"c0\">CLIENTE<\/span><\/p>\n<\/td>\n<td class=\"c28\" colspan=\"1\" rowspan=\"1\">\n<p class=\"c1\"><span class=\"c2\">-La informaci\u00f3n se recolecta a trav\u00e9s de llamadas telef\u00f3nicas, correos electr\u00f3nicos.<\/span><\/p>\n<p class=\"c1\"><span class=\"c2\">&#8211; Solicitud de documentos o electr\u00f3nicos.<\/span><\/p>\n<p class=\"c1\"><span class=\"c2\">-Radicaci\u00f3n de documentos electr\u00f3nicos por parte del titular de la informaci\u00f3n.<\/span><\/p>\n<\/td>\n<td class=\"c9\" colspan=\"1\" rowspan=\"1\">\n<p class=\"c1\"><span class=\"c2\">-Registra datos personales a fin de mantener una relaci\u00f3n contractual.<\/span><\/p>\n<p class=\"c1\"><span class=\"c2\">-Recopilaci\u00f3n de informaci\u00f3n para establecer comunicaciones en el desarrollo de la relaci\u00f3n contractual.<\/span><\/p>\n<p class=\"c1\"><span class=\"c2\">-Dar tr\u00e1mite a los requerimientos de los organismos de control y vigilancia, <\/span><\/p>\n<p class=\"c1\"><span class=\"c2\">-Recepci\u00f3n y administraci\u00f3n de la informaci\u00f3n y documentaci\u00f3n necesaria para el buen desarrollo de las funciones de<\/span><span class=\"c0\">\u00a0EL RESPONSABLE.<\/span><\/p>\n<p class=\"c1\"><span class=\"c2\">-Ingreso, registro, control y trazabilidad de peticiones, quejas, reclamos o sugerencias.<\/span><\/p>\n<p class=\"c1\"><span class=\"c2\">Manejo adecuado de la informaci\u00f3n financiera y contable. <\/span><\/p>\n<\/td>\n<td class=\"c16\" colspan=\"1\" rowspan=\"1\">\n<p class=\"c1\"><span class=\"c2\">Almacenamiento digital, en la nube.<\/span><\/p>\n<\/td>\n<td class=\"c17\" colspan=\"1\" rowspan=\"1\">\n<p class=\"c1\"><span class=\"c2\">Se realiza circulaci\u00f3n, con los proveedores de <\/span><span class=\"c0\">LA ORGANIZACI\u00d3N, <\/span><span class=\"c2\">con fines del cumplimiento del objeto del contrato solo se circula a las autoridades competentes por solicitud en t\u00e9rminos fiscales.<\/span><\/p>\n<\/td>\n<td class=\"c19\" colspan=\"1\" rowspan=\"1\">\n<p class=\"c1\"><span class=\"c2\">Se almacenan de forma indefinida.<\/span><\/p>\n<\/td>\n<\/tr>\n<tr class=\"c18\">\n<td class=\"c11\" colspan=\"1\" rowspan=\"1\">\n<p class=\"c1\"><span class=\"c0\">PROVEEDORES Y CONTRATISTAS<\/span><\/p>\n<\/td>\n<td class=\"c28\" colspan=\"1\" rowspan=\"1\">\n<p class=\"c1\"><span class=\"c2\">-La informaci\u00f3n se recolecta por referenciaci\u00f3n, por b\u00fasqueda en internet o por propuestas presentadas por el proveedor.<\/span><\/p>\n<p class=\"c1\"><span class=\"c2\">-Solicitud de documentos electr\u00f3nicos.<\/span><\/p>\n<\/td>\n<td class=\"c9\" colspan=\"1\" rowspan=\"1\">\n<p class=\"c1\"><span class=\"c2\">Gesti\u00f3n de pagos, gesti\u00f3n administrativa y contractual, evaluaci\u00f3n de proveedores, gesti\u00f3n del producto o servicio<\/span><\/p>\n<\/td>\n<td class=\"c16\" colspan=\"1\" rowspan=\"1\">\n<p class=\"c1\"><span class=\"c2\">Almacenamiento y registro electr\u00f3nico.<\/span><\/p>\n<\/td>\n<td class=\"c17\" colspan=\"1\" rowspan=\"1\">\n<p class=\"c1\"><span class=\"c2\">Almacenamiento tercerizado, de la informaci\u00f3n<\/span><span class=\"c0\">,<\/span><span class=\"c2\">\u00a0solo se circula a las autoridades competentes por solicitud en t\u00e9rminos fiscales.<\/span><\/p>\n<\/td>\n<td class=\"c19\" colspan=\"1\" rowspan=\"1\">\n<p class=\"c1\"><span class=\"c2\">No se realiza eliminaci\u00f3n.<\/span><\/p>\n<\/td>\n<\/tr>\n<tr class=\"c18\">\n<td class=\"c11\" colspan=\"1\" rowspan=\"1\">\n<p class=\"c1\"><span class=\"c0\">USUARIOS<\/span><\/p>\n<\/td>\n<td class=\"c28\" colspan=\"1\" rowspan=\"1\">\n<p class=\"c1\"><span class=\"c2\">-La informaci\u00f3n ser\u00e1 recolectada por las diferentes plataformas tecnol\u00f3gicas.<\/span><\/p>\n<\/td>\n<td class=\"c9\" colspan=\"1\" rowspan=\"1\">\n<p class=\"c1\"><span class=\"c2\">-Gesti\u00f3n de la informaci\u00f3n en ecosistemas digitales.<\/span><\/p>\n<\/td>\n<td class=\"c16\" colspan=\"1\" rowspan=\"1\">\n<p class=\"c1\"><span class=\"c2\">Almacenamiento en la nube.<\/span><\/p>\n<\/td>\n<td class=\"c17\" colspan=\"1\" rowspan=\"1\">\n<p class=\"c1\"><span class=\"c2\">Almacenamiento tercerizado.<\/span><\/p>\n<\/td>\n<td class=\"c19\" colspan=\"1\" rowspan=\"1\">\n<p class=\"c1\"><span class=\"c2\">No se realiza eliminaci\u00f3n.<\/span><\/p>\n<\/td>\n<\/tr>\n<\/tbody>\n<\/table>\n<p class=\"c1\"><strong><span class=\"c0\">CATEGOR\u00cdAS ESPECIALES DE DATOS.<\/span><\/strong><\/p>\n<p class=\"c1\"><span class=\"c2\">La LEPD considera dentro de la categor\u00eda de datos especiales, los datos sensibles y los relativos a las ni\u00f1as, ni\u00f1os y adolescentes, Art\u00edculos 5\u00b0 y 7\u00b0 respectivamente.<\/span><\/p>\n<p class=\"c1\"><span class=\"c24\">Datos sensibles<\/span><\/p>\n<p class=\"c1\"><span class=\"c2\">En la categor\u00eda de datos sensibles, <\/span><span class=\"c0\">EL RESPONSABLE<\/span><span class=\"c2\">\u00a0realiza tratamiento de informaci\u00f3n relativa a la salud y biom\u00e9trica<\/span><\/p>\n<p class=\"c1\"><span class=\"c2\">La LEPD proh\u00edbe el tratamiento de datos sensibles, excepto cuando:<\/span><\/p>\n<p class=\"c1\"><span class=\"c2\">a. El titular haya dado su autorizaci\u00f3n expl\u00edcita a dicho tratamiento, salvo en los casos que por ley no sea requerido el otorgamiento de dicha autorizaci\u00f3n.<\/span><\/p>\n<p class=\"c1\"><span class=\"c2\">b. El tratamiento sea necesario para salvaguardar el inter\u00e9s vital del titular y este se encuentre f\u00edsica o jur\u00eddicamente incapacitado. En estos eventos, los representantes legales deber\u00e1n otorgar su autorizaci\u00f3n.<\/span><\/p>\n<p class=\"c1\"><span class=\"c2\">c. El tratamiento sea efectuado en el curso de las actividades leg\u00edtimas de <\/span><span class=\"c0\">EL RESPONSABLE<\/span><\/p>\n<p class=\"c1\"><span class=\"c2\">d. El tratamiento se refiera a datos que sean necesarios para el reconocimiento, ejercicio o defensa de un derecho en un proceso judicial.<\/span><\/p>\n<p class=\"c1\"><span class=\"c2\">e. El tratamiento tenga una finalidad hist\u00f3rica, estad\u00edstica o cient\u00edfica. En este evento se adoptan las medidas conducentes a la supresi\u00f3n de identidad de los titulares.<\/span><\/p>\n<p class=\"c1\"><span class=\"c0\">Por disposici\u00f3n del decreto 1377 de 2013 se informa al titular que:<\/span><\/p>\n<p class=\"c1\"><span class=\"c2\">a. Por tratarse de datos sensibles no est\u00e1 obligado a autorizar su tratamiento.<\/span><\/p>\n<p class=\"c1\"><span class=\"c2\">b. El tratamiento de los datos relativos a salud, son tratados de acuerdo con las finalidades definidas.<\/span><\/p>\n<p class=\"c1\"><span class=\"c2\">c. Ninguna actividad podr\u00e1 condicionarse a que el titular suministre datos personales sensibles.<\/span><\/p>\n<p class=\"c1\"><strong><span class=\"c0\">DERECHOS DE LOS TITULARES.<\/span><\/strong><\/p>\n<p class=\"c1\"><span class=\"c2\">De acuerdo con lo previsto en el art\u00edculo 8 de la LEPD y los art\u00edculos 21 y 22 del Decreto 1377 de 2013, los Titulares de los datos pueden ejercer una serie de derechos con relaci\u00f3n al tratamiento de sus datos personales. Estos derechos podr\u00e1n ejercerse por las siguientes personas.\u00a0\u00a0\u00a0\u00a0\u00a0\u00a0\u00a0\u00a0<\/span><\/p>\n<ul class=\"c10 lst-kix_list_3-0 start\">\n<li class=\"c1 c5 li-bullet-0\"><span class=\"c2\">Por el Titular, qui\u00e9n deber\u00e1 acreditar su identidad en forma suficiente por los distintos medios que le ponga a disposici\u00f3n el responsable.\u00a0\u00a0\u00a0\u00a0\u00a0\u00a0\u00a0\u00a0<\/span><\/li>\n<li class=\"c1 c5 li-bullet-0\"><span class=\"c2\">Por sus causahabientes, quienes deber\u00e1n acreditar tal calidad.\u00a0\u00a0\u00a0\u00a0\u00a0\u00a0\u00a0\u00a0<\/span><\/li>\n<li class=\"c1 c5 li-bullet-0\"><span class=\"c2\">Por el representante y\/o apoderado del Titular, previa acreditaci\u00f3n de la representaci\u00f3n o apoderamiento.\u00a0\u00a0\u00a0\u00a0\u00a0\u00a0\u00a0\u00a0<\/span><\/li>\n<li class=\"c1 c5 li-bullet-0\"><span class=\"c2\">Por estipulaci\u00f3n a favor de otro y para otro.\u00a0\u00a0\u00a0\u00a0\u00a0\u00a0\u00a0\u00a0<\/span><\/li>\n<\/ul>\n<p class=\"c1\"><span class=\"c2\">De conformidad con lo establecido en el art\u00edculo 8 de la Ley 1581 de 2012 y el decreto 1377 de 2013, el titular de los datos personales tiene los siguientes derechos frente a <\/span><span class=\"c0\">EL RESPONSABLE.<\/span><\/p>\n<ul class=\"c10 lst-kix_list_4-0 start\">\n<li class=\"c1 c5 li-bullet-0\"><span class=\"c2\">Conocer, actualizar y rectificar sus datos personales frente a los Responsables del Tratamiento o Encargados del Tratamiento. Este derecho se podr\u00e1 ejercer, entre otros frente a datos parciales, inexactos, incompletos, fraccionados, que induzcan a error, o aquellos cuyo Tratamiento est\u00e9 expresamente prohibido o no haya sido autorizado;<\/span><\/li>\n<li class=\"c1 c5 li-bullet-0\"><span class=\"c2\">Solicitar prueba de la autorizaci\u00f3n otorgada al Responsable del Tratamiento salvo cuando expresamente se except\u00fae como requisito para el Tratamiento, de conformidad con lo previsto en el art\u00edculo 10 de la presente ley;<\/span><\/li>\n<li class=\"c1 c5 li-bullet-0\"><span class=\"c2\">Ser informado por el Responsable del Tratamiento o el Encargado del Tratamiento, previa solicitud, respecto del uso que les ha dado a sus datos personales;<\/span><\/li>\n<li class=\"c1 c5 li-bullet-0\"><span class=\"c2\">Presentar ante la Superintendencia de Industria y Comercio quejas por infracciones a lo dispuesto en la presente ley y las dem\u00e1s normas que la modifiquen, adicionen o complementen;<\/span><\/li>\n<li class=\"c1 c5 li-bullet-0\"><span class=\"c2\">Revocar la autorizaci\u00f3n y\/o solicitar la supresi\u00f3n del dato cuando en el Tratamiento no se respeten los principios, derechos y garant\u00edas constitucionales y legales. La revocatoria y\/o supresi\u00f3n proceder\u00e1 cuando la Superintendencia de Industria y Comercio haya determinado que en el Tratamiento el Responsable o Encargado han incurrido en conductas contrarias a esta ley y a la Constituci\u00f3n;<\/span><\/li>\n<li class=\"c1 c5 li-bullet-0\"><span class=\"c2\">Acceder en forma gratuita a sus datos personales que hayan sido objeto de Tratamiento.<\/span><\/li>\n<\/ul>\n<p class=\"c1\"><strong><span class=\"c0\">Derechos de los ni\u00f1os, ni\u00f1as y adolescentes<\/span><\/strong><\/p>\n<p class=\"c1\"><span class=\"c2\">En el tratamiento se asegurara\u0301 el respeto a los derechos prevalentes de los ni\u00f1os, ni\u00f1as y adolescentes.<\/span><\/p>\n<p class=\"c1\"><span class=\"c2\">Queda proscrito el tratamiento de datos personales de ni\u00f1os, ni\u00f1as y adolescentes, salvo aquellos datos que sean de naturaleza p\u00fablica.<\/span><\/p>\n<p class=\"c1\"><span class=\"c2\">Es tarea del Estado y las entidades educativas de todo tipo proveer informaci\u00f3n y capacitar a los representantes legales y tutores sobre los eventuales riesgos a los que se enfrentan los ni\u00f1os, ni\u00f1as y adolescentes respecto al tratamiento indebido de sus datos personales, y proveer de conocimiento acerca del uso responsable y seguro por parte de ni\u00f1os, ni\u00f1as y adolescentes de sus datos personales, su derecho a la privacidad y protecci\u00f3n de su informaci\u00f3n personal y la de los dem\u00e1s. <\/span><\/p>\n<p class=\"c1\"><strong><span class=\"c0\">TRATAMIENTO DE DATOS SENSIBLES.<\/span><\/strong><\/p>\n<p class=\"c1\"><span class=\"c0\">EL RESPONSABLE,<\/span><span class=\"c2\">\u00a0no recolectar\u00e1 ni tratar\u00e1 datos personales ligados a ideolog\u00edas pol\u00edticas, afiliaci\u00f3n sindical, creencias religiosas, vida sexual u origen \u00e9tnico. Los casos en que sean necesarios datos biom\u00e9tricos, de salud o de menores de edad solo se utilizar\u00e1n con autorizaci\u00f3n expresa del titular o de su responsable. <\/span><\/p>\n<p class=\"c1\"><span class=\"c2\">La informaci\u00f3n personal de car\u00e1cter sensible que se pueda obtener de un proceso interno, selecci\u00f3n de personal o de ejecuci\u00f3n de contratos ser\u00e1 protegida a trav\u00e9s de las medidas de seguridad apropiadas.<\/span><\/p>\n<p class=\"c1\"><span class=\"c0\">EL RESPONSABLE,<\/span><span class=\"c2\">\u00a0proh\u00edbe el acceso, uso, gesti\u00f3n, cesi\u00f3n, comunicaci\u00f3n, almacenamiento y cualquiera otro tratamiento de datos personales de car\u00e1cter sensible sin autorizaci\u00f3n del titular del dato personal.<\/span><\/p>\n<p class=\"c1\"><span class=\"c2\">El incumplimiento de esta prohibici\u00f3n por parte de los proveedores y\/o terceros ser\u00e1 considerado como falta grave, que podr\u00e1 dar lugar a la terminaci\u00f3n de la relaci\u00f3n laboral, contractual o comercial. <\/span><\/p>\n<p class=\"c1\"><span class=\"c2\">Los datos sensibles que se identifiquen ser\u00e1n informados al titular a m\u00e1s tardar al momento de la recolecci\u00f3n, una vez se cumpla con sus finalidades y con los tiempos estipulados por la ley se proceder\u00e1 a eliminarlos de manera segura.<\/span><\/p>\n<p class=\"c1\"><strong><span class=\"c0\">ATENCI\u00d3N DE PETICIONES, CONSULTAS Y RECLAMOS.<\/span><\/strong><\/p>\n<p class=\"c1\"><span class=\"c2\">La persona o \u00e1rea responsable de la atenci\u00f3n de consultas y reclamos, ante la cual el titular de la informaci\u00f3n puede ejercer los derechos a conocer, actualizar, rectificar, suprimir el dato y\/o revocar la autorizaci\u00f3n de tratamiento de datos personales, es <\/span><span class=\"c0\">EL OFICIAL DE PROTECCI\u00d3N DE DATOS<\/span><span class=\"c2\">\u00a0de <\/span><span class=\"c0\">EL RESPONSABLE<\/span><span class=\"c2\">\u00a0con los siguientes canales de atenci\u00f3n.<\/span><\/p>\n<ul class=\"c10 lst-kix_list_2-0 start\">\n<li class=\"c1 c5 li-bullet-0\"><span class=\"c0\">Persona o \u00e1rea responsable:<\/span><span class=\"c2\">\u00a0OFICIAL DE PROTECCI\u00d3N DE DATOS<\/span><\/li>\n<\/ul>\n<ul class=\"c10 lst-kix_list_1-0 start\">\n<li class=\"c1 c5 li-bullet-0\"><span class=\"c0\">Email: contacto@fanaticadas.co<\/span><\/li>\n<\/ul>\n<p class=\"c1\"><strong><span class=\"c0\">EJERCICIO Y PROCEDIMIENTO PARA EJERCER LOS DERECHOS AL HABEAS DATA (CONSULTA, RECLAMO Y REVOCATORIA DE AUTORIZACI\u00d3N).<\/span><\/strong><\/p>\n<p class=\"c1\"><span class=\"c2\">En cumplimiento de las normas sobre protecci\u00f3n de datos personales<\/span><span class=\"c24\">, <\/span><span class=\"c0\">EL RESPONSABLE, <\/span><span class=\"c2\">presenta el procedimiento para ejercer los derechos al habeas data.<\/span><\/p>\n<p class=\"c1\"><span class=\"c24\">Consulta: <\/span><span class=\"c0\">EL RESPONSABLE,<\/span><span class=\"c2\">\u00a0garantiza el derecho de consulta, suministrando a las personas que act\u00faen en ejercicio de este derecho, toda la informaci\u00f3n contenida en el registro individual o que est\u00e9 vinculada con la identificaci\u00f3n del titular.<\/span><\/p>\n<p class=\"c1\"><span class=\"c2\">Para la atenci\u00f3n de solicitudes de consulta de datos personales <\/span><span class=\"c0\">EL RESPONSABLE,<\/span><span class=\"c2\">\u00a0garantiza que existen medios de comunicaciones electr\u00f3nicas y asistidas de manera telef\u00f3nica.<\/span><\/p>\n<p class=\"c1\"><span class=\"c2\">En cualquier caso, independientemente del mecanismo implementado para la atenci\u00f3n de solicitudes de consulta, las mismas ser\u00e1n atendidas en un t\u00e9rmino m\u00e1ximo de diez (10) d\u00edas h\u00e1biles contados a partir de la fecha de su recibo y plena identificaci\u00f3n para la cual se le solicitar\u00e1n los soportes pertinentes dependiendo del tipo de consulta. <\/span><\/p>\n<p class=\"c1\"><span class=\"c2\">Cuando no sea posible atender la consulta dentro de dicho t\u00e9rmino, se informar\u00e1 al interesado antes del vencimiento de los 10 d\u00edas h\u00e1biles, expresando los motivos de la demora y se\u00f1alando la fecha en que se atender\u00e1 su consulta, la cual en ning\u00fan caso podr\u00e1 superar los cinco (5) d\u00edas h\u00e1biles siguientes al vencimiento del primer plazo.<\/span><\/p>\n<p class=\"c1\"><span class=\"c24\">Reclamos<\/span><span class=\"c0\">\u00a0EL RESPONSABLE<\/span><span class=\"c2\">, garantiza el derecho de reclamo de los titulares incluidos en las bases de datos para la correcci\u00f3n, actualizaci\u00f3n, supresi\u00f3n, o cuando adviertan el presunto incumplimiento de cualquiera de los deberes contenidos en la Ley 1581 de 2012 y dem\u00e1s normas aplicables. El reclamo ser\u00e1 tramitado bajo las siguientes reglas:<\/span><\/p>\n<p class=\"c1\"><span class=\"c2\">Si el reclamo recibido por los canales de atenci\u00f3n establecidos, no cuenta con informaci\u00f3n completa que permita darle tr\u00e1mite, esto es, con la identificaci\u00f3n del titular con los debidos soportes, la descripci\u00f3n de los hechos que dan lugar al reclamo y la direcci\u00f3n, si el reclamo est\u00e1 incompleto se requerir\u00e1 al interesado dentro de los cinco (5) d\u00edas siguientes a su recepci\u00f3n para que subsane las fallas. Transcurridos dos (2) meses desde la fecha del requerimiento sin que el solicitante presente la informaci\u00f3n requerida, se entender\u00e1 que ha desistido del reclamo.<\/span><\/p>\n<p class=\"c1\"><span class=\"c2\">Una vez radicado el reclamo el t\u00e9rmino m\u00e1ximo para atender el reclamo ser\u00e1 de quince (15) d\u00edas h\u00e1biles contados a partir del d\u00eda siguiente a la fecha de su recibo. Cuando no fuere posible atenderlo dentro de dicho t\u00e9rmino se informar\u00e1 al interesado antes del vencimiento del referido plazo los motivos de la demora y la fecha en que se atender\u00e1 su reclamo, la cual en ning\u00fan caso podr\u00e1 superar los ocho (8) d\u00edas h\u00e1biles siguientes al vencimiento del primer t\u00e9rmino.<\/span><\/p>\n<p class=\"c1\"><strong><span class=\"c0\">Implementaci\u00f3n de procedimientos para garantizar el derecho a presentar reclamos.<\/span><\/strong><\/p>\n<p class=\"c1\"><span class=\"c2\">La solicitud de rectificaci\u00f3n, actualizaci\u00f3n o supresi\u00f3n debe ser presentada a trav\u00e9s de los medios habilitados por <\/span><span class=\"c0\">EL RESPONSABLE,<\/span><span class=\"c2\">\u00a0debe contener, como m\u00ednimo, la siguiente informaci\u00f3n:<\/span><\/p>\n<p class=\"c1\"><span class=\"c2\">El nombre, identificaci\u00f3n y medio de contacto para recibir la respuesta como tel\u00e9fono, correo electr\u00f3nico, direcci\u00f3n de residencia.<\/span><\/p>\n<p class=\"c1\"><span class=\"c2\">Los documentos que acrediten la identidad del titular, de su causahabiente o la de representaci\u00f3n.<\/span><\/p>\n<p class=\"c1\"><span class=\"c2\">La descripci\u00f3n clara y precisa de los datos personales respecto de los cuales el titular busca ejercer alguno de los derechos.<\/span><\/p>\n<p class=\"c1\"><span class=\"c2\">En caso dado otros elementos o documentos que faciliten la localizaci\u00f3n de los datos personales.<\/span><\/p>\n<p class=\"c1\"><span class=\"c2\">Para rectificaci\u00f3n y actualizaci\u00f3n de datos <\/span><span class=\"c0\">EL RESPONSABLE,<\/span><span class=\"c2\">\u00a0tiene la obligaci\u00f3n de rectificar y actualizar la informaci\u00f3n del titular que ser incompleta o inexacta, de conformidad con el procedimiento y los t\u00e9rminos arriba se\u00f1alados.<\/span><\/p>\n<p class=\"c1\"><span class=\"c2\">Para supresi\u00f3n de datos el titular tiene derecho en todo momento, a solicitar a <\/span><span class=\"c0\">EL RESPONSABLE,<\/span><span class=\"c2\">\u00a0la supresi\u00f3n (eliminaci\u00f3n) de los datos personales cuando:<\/span><\/p>\n<p class=\"c1\"><span class=\"c2\">Considere que los mismos no est\u00e1n siendo tratados conforme a los principios, deberes y obligaciones previstas en la Ley 1581 de 2012. <\/span><\/p>\n<p class=\"c1\"><span class=\"c2\">Hayan dejado de ser necesarios o pertinentes para la finalidad para la cual fueron recolectados. <\/span><\/p>\n<p class=\"c1\"><span class=\"c2\">Se haya superado el periodo necesario para el cumplimiento de los fines para los que fueron recolectados.<\/span><\/p>\n<p class=\"c1\"><span class=\"c2\">Esta supresi\u00f3n implica la eliminaci\u00f3n total o parcial de la informaci\u00f3n personal de acuerdo con lo solicitado por el titular en los registros, archivos, bases de datos o tratamientos realizados por <\/span><span class=\"c0\">EL RESPONSABLE,<\/span><span class=\"c2\">\u00a0es importante tener en cuenta que el derecho de cancelaci\u00f3n no es absoluto y el responsable puede negar el ejercicio de este cuando:<\/span><\/p>\n<p class=\"c1\"><span class=\"c2\">La solicitud de supresi\u00f3n de la informaci\u00f3n no proceder\u00e1 cuando el titular tenga un deber legal o contractual de permanecer en la base de datos.<\/span><\/p>\n<p class=\"c1\"><span class=\"c2\">La eliminaci\u00f3n de datos obstaculice actuaciones judiciales o administrativas vinculadas a obligaciones fiscales, la investigaci\u00f3n y persecuci\u00f3n de delitos, la actualizaci\u00f3n de sanciones administrativas o los requisitos establecidos por los reglamentos de certificaci\u00f3n de producto.<\/span><\/p>\n<p class=\"c1\"><span class=\"c2\">Los datos necesarios para proteger los intereses jur\u00eddicamente tutelados del titular; para realizar una acci\u00f3n en funci\u00f3n del inter\u00e9s p\u00fablico o para cumplir con una obligaci\u00f3n legalmente adquirida por el titular.<\/span><\/p>\n<p class=\"c1\"><span class=\"c2\">En caso de resultar procedente la cancelaci\u00f3n de los datos personales <\/span><span class=\"c0\">EL RESPONSABLE,<\/span><span class=\"c2\">\u00a0debe realizar operativamente la supresi\u00f3n de tal manera que la eliminaci\u00f3n no permita la recuperaci\u00f3n de la informaci\u00f3n.<\/span><\/p>\n<p class=\"c1\"><strong><span class=\"c24\">Revocatoria de autorizaci\u00f3n.<\/span><\/strong><\/p>\n<p class=\"c1\"><span class=\"c2\">Los titulares de los datos personales pueden revocar la autorizaci\u00f3n para el tratamiento de los datos personales en cualquier momento, siempre y cuando no lo impida una disposici\u00f3n legal o contractual.<\/span><\/p>\n<p class=\"c1\"><span class=\"c2\">Se tendr\u00e1n dos modalidades en las que la revocaci\u00f3n del consentimiento puede darse. La primera, sobre la totalidad de las finalidades consentidas, esto es, <\/span><span class=\"c0\">EL RESPONSABLE,<\/span><span class=\"c2\">\u00a0deba dejar de tratar por completo los datos del titular; La segunda, puede sobre algunos tipos de tratamiento determinados, como por ejemplo para estudios de mercado. Por lo anterior, ser\u00e1 necesario que el titular al momento de presentar la solicitud de revocatoria de consentimiento a <\/span><span class=\"c0\">EL RESPONSABLE<\/span><span class=\"c2\">, para que indique en \u00e9sta si la revocaci\u00f3n que pretende realizar es total o parcial. En la revocatoria parcial deber\u00e1 indicar con cu\u00e1l tratamiento el titular no est\u00e1 conforme.<\/span><\/p>\n<p class=\"c1\"><span class=\"c2\">Habr\u00e1 casos en que el consentimiento, por su car\u00e1cter necesario en la relaci\u00f3n entre <\/span><span class=\"c0\">EL TITULAR DE LOS DATOS<\/span><span class=\"c2\">\u00a0y <\/span><span class=\"c0\">EL RESPONSABLE<\/span><span class=\"c2\">\u00a0y por disposici\u00f3n legal no podr\u00e1 ser revocado.<\/span><\/p>\n<p class=\"c1\"><strong><span class=\"c0\">VIGENCIA.<\/span><\/strong><\/p>\n<p class=\"c1\"><span class=\"c2\">La presente Pol\u00edtica para el Tratamiento de Datos Personales rige a partir del 5\/22\/2024. Las bases de datos en las que se registrar\u00e1n los datos personales tendr\u00e1n una vigencia igual al tiempo en que se mantenga y utilice la informaci\u00f3n para las finalidades descritas en esta pol\u00edtica. <\/span><\/p>\n<p class=\"c1\"><span class=\"c2\">Una vez se cumpla(n) esa(s) finalidad(es) y siempre que no exista un deber legal o contractual de conservar su informaci\u00f3n, sus datos ser\u00e1n eliminados de nuestras bases de datos.<\/span><\/p>\n<p class=\"c1\"><strong><span class=\"c0\">APROBADO POR<\/span><span class=\"c32\">:<\/span><\/strong><\/p>\n<p class=\"c1\"><span class=\"c2\">Representante Legal<\/span><\/p>\n<p class=\"c1\"><span class=\"c2\">MARCELA TATIANA MINNIG PRADO<\/span><\/p>\n\t\t\n<style>\n#text-2354386389 {\n  line-height: 1.5;\n  text-align: left;\n}\n<\/style>\n\t<\/div>\n\t\n\n\t\t<\/div>\n\t\t\t\t\n<style>\n#col-1170247529 > .col-inner {\n  margin: 20px 0px 0px 0px;\n}\n<\/style>\n\t<\/div>\n\n\t\n\n<\/div>","protected":false},"excerpt":{"rendered":"","protected":false},"author":1,"featured_media":0,"parent":0,"menu_order":0,"comment_status":"closed","ping_status":"closed","template":"","meta":{"footnotes":""},"class_list":["post-827","page","type-page","status-publish","hentry"],"yoast_head":"<!-- This site is optimized with the Yoast SEO plugin v22.9 - https:\/\/yoast.com\/wordpress\/plugins\/seo\/ -->\n<title>Pol\u00edticas de tratamiento de datos - Sports Crowd<\/title>\n<meta name=\"robots\" content=\"index, follow, max-snippet:-1, max-image-preview:large, max-video-preview:-1\" \/>\n<link rel=\"canonical\" href=\"https:\/\/sports-crowd.com\/en\/data-policies\/\" \/>\n<meta property=\"og:locale\" content=\"en_US\" \/>\n<meta property=\"og:type\" content=\"article\" \/>\n<meta property=\"og:title\" content=\"Pol\u00edticas de tratamiento de datos - Sports Crowd\" \/>\n<meta property=\"og:url\" content=\"https:\/\/sports-crowd.com\/en\/data-policies\/\" \/>\n<meta property=\"og:site_name\" content=\"Sports Crowd\" \/>\n<meta property=\"article:modified_time\" content=\"2025-06-16T13:19:42+00:00\" \/>\n<meta property=\"og:image\" content=\"https:\/\/sports-crowd.com\/wp-content\/uploads\/2024\/05\/Recurso-2@2x.png\" \/>\n\t<meta property=\"og:image:width\" content=\"801\" \/>\n\t<meta property=\"og:image:height\" content=\"591\" \/>\n\t<meta property=\"og:image:type\" content=\"image\/png\" \/>\n<meta name=\"twitter:card\" content=\"summary_large_image\" \/>\n<meta name=\"twitter:label1\" content=\"Est. reading time\" \/>\n\t<meta name=\"twitter:data1\" content=\"16 minutes\" \/>\n<script type=\"application\/ld+json\" class=\"yoast-schema-graph\">{\"@context\":\"https:\/\/schema.org\",\"@graph\":[{\"@type\":\"WebPage\",\"@id\":\"https:\/\/sports-crowd.com\/data-policies\/\",\"url\":\"https:\/\/sports-crowd.com\/data-policies\/\",\"name\":\"Pol\u00edticas de tratamiento de datos - Sports Crowd\",\"isPartOf\":{\"@id\":\"https:\/\/sports-crowd.com\/#website\"},\"datePublished\":\"2024-05-29T14:38:37+00:00\",\"dateModified\":\"2025-06-16T13:19:42+00:00\",\"breadcrumb\":{\"@id\":\"https:\/\/sports-crowd.com\/data-policies\/#breadcrumb\"},\"inLanguage\":\"en-US\",\"potentialAction\":[{\"@type\":\"ReadAction\",\"target\":[\"https:\/\/sports-crowd.com\/data-policies\/\"]}]},{\"@type\":\"BreadcrumbList\",\"@id\":\"https:\/\/sports-crowd.com\/data-policies\/#breadcrumb\",\"itemListElement\":[{\"@type\":\"ListItem\",\"position\":1,\"name\":\"Portada\",\"item\":\"https:\/\/sports-crowd.com\/\"},{\"@type\":\"ListItem\",\"position\":2,\"name\":\"Pol\u00edticas de tratamiento de datos\"}]},{\"@type\":\"WebSite\",\"@id\":\"https:\/\/sports-crowd.com\/#website\",\"url\":\"https:\/\/sports-crowd.com\/\",\"name\":\"Sports Crowd\",\"description\":\"\",\"publisher\":{\"@id\":\"https:\/\/sports-crowd.com\/#organization\"},\"potentialAction\":[{\"@type\":\"SearchAction\",\"target\":{\"@type\":\"EntryPoint\",\"urlTemplate\":\"https:\/\/sports-crowd.com\/?s={search_term_string}\"},\"query-input\":\"required name=search_term_string\"}],\"inLanguage\":\"en-US\"},{\"@type\":\"Organization\",\"@id\":\"https:\/\/sports-crowd.com\/#organization\",\"name\":\"Sports Crowd\",\"url\":\"https:\/\/sports-crowd.com\/\",\"logo\":{\"@type\":\"ImageObject\",\"inLanguage\":\"en-US\",\"@id\":\"https:\/\/sports-crowd.com\/#\/schema\/logo\/image\/\",\"url\":\"https:\/\/sports-crowd.com\/wp-content\/uploads\/2024\/05\/logo@2x.png\",\"contentUrl\":\"https:\/\/sports-crowd.com\/wp-content\/uploads\/2024\/05\/logo@2x.png\",\"width\":799,\"height\":255,\"caption\":\"Sports Crowd\"},\"image\":{\"@id\":\"https:\/\/sports-crowd.com\/#\/schema\/logo\/image\/\"},\"sameAs\":[\"https:\/\/www.linkedin.com\/company\/sports-crowd-sc\/\"]}]}<\/script>\n<!-- \/ Yoast SEO plugin. -->","yoast_head_json":{"title":"Pol\u00edticas de tratamiento de datos - Sports Crowd","robots":{"index":"index","follow":"follow","max-snippet":"max-snippet:-1","max-image-preview":"max-image-preview:large","max-video-preview":"max-video-preview:-1"},"canonical":"https:\/\/sports-crowd.com\/en\/data-policies\/","og_locale":"en_US","og_type":"article","og_title":"Pol\u00edticas de tratamiento de datos - Sports Crowd","og_url":"https:\/\/sports-crowd.com\/en\/data-policies\/","og_site_name":"Sports Crowd","article_modified_time":"2025-06-16T13:19:42+00:00","og_image":[{"width":801,"height":591,"url":"https:\/\/sports-crowd.com\/wp-content\/uploads\/2024\/05\/Recurso-2@2x.png","type":"image\/png"}],"twitter_card":"summary_large_image","twitter_misc":{"Est. reading time":"16 minutes"},"schema":{"@context":"https:\/\/schema.org","@graph":[{"@type":"WebPage","@id":"https:\/\/sports-crowd.com\/data-policies\/","url":"https:\/\/sports-crowd.com\/data-policies\/","name":"Pol\u00edticas de tratamiento de datos - Sports Crowd","isPartOf":{"@id":"https:\/\/sports-crowd.com\/#website"},"datePublished":"2024-05-29T14:38:37+00:00","dateModified":"2025-06-16T13:19:42+00:00","breadcrumb":{"@id":"https:\/\/sports-crowd.com\/data-policies\/#breadcrumb"},"inLanguage":"en-US","potentialAction":[{"@type":"ReadAction","target":["https:\/\/sports-crowd.com\/data-policies\/"]}]},{"@type":"BreadcrumbList","@id":"https:\/\/sports-crowd.com\/data-policies\/#breadcrumb","itemListElement":[{"@type":"ListItem","position":1,"name":"Portada","item":"https:\/\/sports-crowd.com\/"},{"@type":"ListItem","position":2,"name":"Pol\u00edticas de tratamiento de datos"}]},{"@type":"WebSite","@id":"https:\/\/sports-crowd.com\/#website","url":"https:\/\/sports-crowd.com\/","name":"Sports Crowd","description":"","publisher":{"@id":"https:\/\/sports-crowd.com\/#organization"},"potentialAction":[{"@type":"SearchAction","target":{"@type":"EntryPoint","urlTemplate":"https:\/\/sports-crowd.com\/?s={search_term_string}"},"query-input":"required name=search_term_string"}],"inLanguage":"en-US"},{"@type":"Organization","@id":"https:\/\/sports-crowd.com\/#organization","name":"Sports Crowd","url":"https:\/\/sports-crowd.com\/","logo":{"@type":"ImageObject","inLanguage":"en-US","@id":"https:\/\/sports-crowd.com\/#\/schema\/logo\/image\/","url":"https:\/\/sports-crowd.com\/wp-content\/uploads\/2024\/05\/logo@2x.png","contentUrl":"https:\/\/sports-crowd.com\/wp-content\/uploads\/2024\/05\/logo@2x.png","width":799,"height":255,"caption":"Sports Crowd"},"image":{"@id":"https:\/\/sports-crowd.com\/#\/schema\/logo\/image\/"},"sameAs":["https:\/\/www.linkedin.com\/company\/sports-crowd-sc\/"]}]}},"_links":{"self":[{"href":"https:\/\/sports-crowd.com\/en\/wp-json\/wp\/v2\/pages\/827","targetHints":{"allow":["GET"]}}],"collection":[{"href":"https:\/\/sports-crowd.com\/en\/wp-json\/wp\/v2\/pages"}],"about":[{"href":"https:\/\/sports-crowd.com\/en\/wp-json\/wp\/v2\/types\/page"}],"author":[{"embeddable":true,"href":"https:\/\/sports-crowd.com\/en\/wp-json\/wp\/v2\/users\/1"}],"replies":[{"embeddable":true,"href":"https:\/\/sports-crowd.com\/en\/wp-json\/wp\/v2\/comments?post=827"}],"version-history":[{"count":8,"href":"https:\/\/sports-crowd.com\/en\/wp-json\/wp\/v2\/pages\/827\/revisions"}],"predecessor-version":[{"id":1191,"href":"https:\/\/sports-crowd.com\/en\/wp-json\/wp\/v2\/pages\/827\/revisions\/1191"}],"wp:attachment":[{"href":"https:\/\/sports-crowd.com\/en\/wp-json\/wp\/v2\/media?parent=827"}],"curies":[{"name":"wp","href":"https:\/\/api.w.org\/{rel}","templated":true}]}}